{"id":3,"date":"2025-01-21T22:26:52","date_gmt":"2025-01-21T22:26:52","guid":{"rendered":"https:\/\/pbojakowski.pl\/?page_id=3"},"modified":"2025-01-23T18:57:02","modified_gmt":"2025-01-23T17:57:02","slug":"polityka-prywatnosci","status":"publish","type":"page","link":"https:\/\/pbojakowski.pl\/en\/polityka-prywatnosci\/","title":{"rendered":"Privacy Policy"},"content":{"rendered":"<p><strong>Polityka Prywatno\u015bci<\/strong><\/p>\n\n\n\n<h3 class=\"wp-block-heading has-custom-color-2-color has-text-color has-link-color wp-elements-7658d6617fed4d9f92abd34e75c0ef11\">1. Informacje og\u00f3lne<\/h3>\n\n\n\n<p>Niniejsza Polityka Prywatno\u015bci okre\u015bla zasady przetwarzania danych osobowych zbieranych za po\u015brednictwem strony internetowej prowadzonej przez firm\u0119 <strong>PB Piotr Bojakowski<\/strong>, z siedzib\u0105 pod adresem:<\/p>\n\n\n\n<ul class=\"wp-block-list\">\n<li><strong>Adres:<\/strong> ul. Brdowska 6A, 87-800 W\u0142oc\u0142awek, Polska<\/li>\n\n\n\n<li><strong>REGON:<\/strong> 524574103<\/li>\n\n\n\n<li><strong>NIP:<\/strong> 8881170981<\/li>\n<\/ul>\n\n\n\n<p>Firma przestrzega zasad ochrony danych osobowych zgodnie z przepisami RODO (Rozporz\u0105dzenie Parlamentu Europejskiego i Rady (UE) 2016\/679) oraz innymi obowi\u0105zuj\u0105cymi przepisami prawa.<\/p>\n\n\n\n<hr class=\"wp-block-separator has-alpha-channel-opacity\"\/>\n\n\n\n<h3 class=\"wp-block-heading has-custom-color-2-color has-text-color has-link-color wp-elements-f24d5f01fdc5064c9c041b30b6dfd715\">2. Administrator danych osobowych<\/h3>\n\n\n\n<p>Administratorem danych osobowych jest <strong>PB Piotr Bojakowski<\/strong>, ul. Brdowska 6A, 87-800 W\u0142oc\u0142awek. Z administratorem mo\u017cna skontaktowa\u0107 si\u0119 w sprawach zwi\u0105zanych z ochron\u0105 danych osobowych pod adresem e-mail: pb@pbojakowski.pl<\/p>\n\n\n\n<hr class=\"wp-block-separator has-alpha-channel-opacity\"\/>\n\n\n\n<h3 class=\"wp-block-heading has-custom-color-2-color has-text-color has-link-color wp-elements-ec87ec584c742c068d091b0c54897e3c\">3. Zakres zbieranych danych osobowych<\/h3>\n\n\n\n<p>W ramach dzia\u0142ania strony internetowej zbierane s\u0105 wy\u0142\u0105cznie dane podane przez u\u017cytkownika w formularzu kontaktowym, takie jak:<\/p>\n\n\n\n<ul class=\"wp-block-list\">\n<li>Imi\u0119 i nazwisko,<\/li>\n\n\n\n<li>Adres e-mail,<\/li>\n\n\n\n<li>Numer telefonu (je\u015bli podany),<\/li>\n\n\n\n<li>Tre\u015b\u0107 wiadomo\u015bci.<\/li>\n<\/ul>\n\n\n\n<p>Podanie danych osobowych jest dobrowolne, ale niezb\u0119dne do obs\u0142ugi zapytania wys\u0142anego za po\u015brednictwem formularza.<\/p>\n\n\n\n<hr class=\"wp-block-separator has-alpha-channel-opacity\"\/>\n\n\n\n<h3 class=\"wp-block-heading has-custom-color-2-color has-text-color has-link-color wp-elements-75351fb73b8dca377122c6a896d1f6d9\">4. Cel i podstawa przetwarzania danych<\/h3>\n\n\n\n<p>Dane osobowe s\u0105 przetwarzane wy\u0142\u0105cznie w celu:<\/p>\n\n\n\n<ul class=\"wp-block-list\">\n<li>Obs\u0142ugi zapyta\u0144 przes\u0142anych przez formularz kontaktowy.<\/li>\n<\/ul>\n\n\n\n<p>Podstaw\u0105 prawn\u0105 przetwarzania danych jest art. 6 ust. 1 lit. f RODO, tj. prawnie uzasadniony interes administratora polegaj\u0105cy na udzieleniu odpowiedzi na przes\u0142ane zapytania.<\/p>\n\n\n\n<hr class=\"wp-block-separator has-alpha-channel-opacity\"\/>\n\n\n\n<h3 class=\"wp-block-heading has-custom-color-2-color has-text-color has-link-color wp-elements-fb34afd88f160871dafed26a85c43d6f\">5. Odbiorcy danych<\/h3>\n\n\n\n<p>Dane osobowe nie s\u0105 przekazywane podmiotom trzecim, z wyj\u0105tkiem sytuacji, w kt\u00f3rych jest to niezb\u0119dne do realizacji obowi\u0105zk\u00f3w prawnych administratora lub gdy wynika to z odr\u0119bnych przepis\u00f3w prawa.<\/p>\n\n\n\n<hr class=\"wp-block-separator has-alpha-channel-opacity\"\/>\n\n\n\n<h3 class=\"wp-block-heading has-custom-color-2-color has-text-color has-link-color wp-elements-869851b42c54c485a0fb6cd4a3db696f\">6. Okres przechowywania danych<\/h3>\n\n\n\n<p>Dane osobowe b\u0119d\u0105 przechowywane przez okres niezb\u0119dny do obs\u0142ugi zapytania oraz przez czas wymagany przepisami prawa (np. w celach archiwizacyjnych). Po tym okresie dane zostan\u0105 usuni\u0119te.<\/p>\n\n\n\n<hr class=\"wp-block-separator has-alpha-channel-opacity\"\/>\n\n\n\n<h3 class=\"wp-block-heading has-custom-color-2-color has-text-color has-link-color wp-elements-1d70623c17af4e84cf1fff23e94216c8\">7. Prawa u\u017cytkownika<\/h3>\n\n\n\n<p>Osobie, kt\u00f3rej dane s\u0105 przetwarzane, przys\u0142uguj\u0105 nast\u0119puj\u0105ce prawa:<\/p>\n\n\n\n<ul class=\"wp-block-list\">\n<li>Prawo dost\u0119pu do swoich danych osobowych,<\/li>\n\n\n\n<li>Prawo do sprostowania danych,<\/li>\n\n\n\n<li>Prawo do usuni\u0119cia danych (\u201eprawo do bycia zapomnianym\u201d),<\/li>\n\n\n\n<li>Prawo do ograniczenia przetwarzania danych,<\/li>\n\n\n\n<li>Prawo do wniesienia sprzeciwu wobec przetwarzania danych,<\/li>\n\n\n\n<li>Prawo do przenoszenia danych,<\/li>\n\n\n\n<li>Prawo do wniesienia skargi do Prezesa Urz\u0119du Ochrony Danych Osobowych (PUODO).<\/li>\n<\/ul>\n\n\n\n<p>W celu skorzystania z powy\u017cszych praw nale\u017cy skontaktowa\u0107 si\u0119 z administratorem danych.<\/p>\n\n\n\n<hr class=\"wp-block-separator has-alpha-channel-opacity\"\/>\n\n\n\n<h3 class=\"wp-block-heading has-custom-color-2-color has-text-color has-link-color wp-elements-8fd88dc1e6d5ea818c8d3fe32c867a59\">8. Zabezpieczenia danych<\/h3>\n\n\n\n<p>Administrator stosuje odpowiednie \u015brodki techniczne i organizacyjne w celu zapewnienia ochrony przetwarzanych danych osobowych, w szczeg\u00f3lno\u015bci zabezpiecza dane przed ich udost\u0119pnieniem osobom nieupowa\u017cnionym, utrat\u0105 czy zniszczeniem.<\/p>\n\n\n\n<hr class=\"wp-block-separator has-alpha-channel-opacity\"\/>\n\n\n\n<h3 class=\"wp-block-heading has-custom-color-2-color has-text-color has-link-color wp-elements-606fbbf97364e2b21ca0a2bb7bd27df2\">9. Pliki cookies<\/h3>\n\n\n\n<p>Strona korzysta z podstawowych plik\u00f3w cookies, kt\u00f3re s\u0142u\u017c\u0105 do zapewnienia jej prawid\u0142owego dzia\u0142ania. Nie s\u0105 one wykorzystywane do zbierania danych osobowych u\u017cytkownik\u00f3w. Mog\u0105 to by\u0107 m.in. cookies sesyjne, wspomagaj\u0105ce zarz\u0105dzanie sesj\u0105 u\u017cytkownika, lub techniczne cookies funkcjonalne. U\u017cytkownik mo\u017ce zarz\u0105dza\u0107 ustawieniami cookies w swojej przegl\u0105darce internetowej.<\/p>\n\n\n\n<hr class=\"wp-block-separator has-alpha-channel-opacity\"\/>\n\n\n\n<h3 class=\"wp-block-heading has-custom-color-2-color has-text-color has-link-color wp-elements-213737300d1f31bae942df201665738f\">10. Zmiany w Polityce Prywatno\u015bci<\/h3>\n\n\n\n<p>Administrator zastrzega sobie prawo do wprowadzania zmian w niniejszej Polityce Prywatno\u015bci. Wszelkie zmiany b\u0119d\u0105 publikowane na tej stronie.<\/p>\n\n\n\n<hr class=\"wp-block-separator has-alpha-channel-opacity\"\/>\n\n\n\n<p>Data ostatniej aktualizacji: 22.01.2025<\/p>","protected":false},"excerpt":{"rendered":"<p>Polityka Prywatno\u015bci 1. Informacje og\u00f3lne Niniejsza Polityka Prywatno\u015bci okre\u015bla zasady przetwarzania danych osobowych zbieranych za po\u015brednictwem strony internetowej prowadzonej przez firm\u0119 PB Piotr Bojakowski, z siedzib\u0105 pod adresem: Firma przestrzega zasad ochrony danych osobowych zgodnie z przepisami RODO (Rozporz\u0105dzenie Parlamentu Europejskiego i Rady (UE) 2016\/679) oraz innymi obowi\u0105zuj\u0105cymi przepisami prawa. 2. Administrator danych osobowych Administratorem [&hellip;]<\/p>\n","protected":false},"author":1,"featured_media":0,"parent":0,"menu_order":0,"comment_status":"closed","ping_status":"closed","template":"","meta":{"footnotes":""},"class_list":["post-3","page","type-page","status-publish","hentry"],"yoast_head":"<!-- This site is optimized with the Yoast SEO plugin v27.4 - https:\/\/yoast.com\/product\/yoast-seo-wordpress\/ -->\n<title>Polityka prywatno\u015bci - PB Piotr Bojakowski<\/title>\n<meta name=\"robots\" content=\"index, follow, max-snippet:-1, max-image-preview:large, max-video-preview:-1\" \/>\n<link rel=\"canonical\" href=\"https:\/\/pbojakowski.pl\/en\/polityka-prywatnosci\/\" \/>\n<meta property=\"og:locale\" content=\"en_US\" \/>\n<meta property=\"og:type\" content=\"article\" \/>\n<meta property=\"og:title\" content=\"Polityka prywatno\u015bci - PB Piotr Bojakowski\" \/>\n<meta property=\"og:description\" content=\"Polityka Prywatno\u015bci 1. Informacje og\u00f3lne Niniejsza Polityka Prywatno\u015bci okre\u015bla zasady przetwarzania danych osobowych zbieranych za po\u015brednictwem strony internetowej prowadzonej przez firm\u0119 PB Piotr Bojakowski, z siedzib\u0105 pod adresem: Firma przestrzega zasad ochrony danych osobowych zgodnie z przepisami RODO (Rozporz\u0105dzenie Parlamentu Europejskiego i Rady (UE) 2016\/679) oraz innymi obowi\u0105zuj\u0105cymi przepisami prawa. 2. Administrator danych osobowych Administratorem [&hellip;]\" \/>\n<meta property=\"og:url\" content=\"https:\/\/pbojakowski.pl\/en\/polityka-prywatnosci\/\" \/>\n<meta property=\"og:site_name\" content=\"PB Piotr Bojakowski\" \/>\n<meta property=\"article:modified_time\" content=\"2025-01-23T17:57:02+00:00\" \/>\n<meta name=\"twitter:card\" content=\"summary_large_image\" \/>\n<meta name=\"twitter:label1\" content=\"Est. reading time\" \/>\n\t<meta name=\"twitter:data1\" content=\"2 minutes\" \/>\n<script type=\"application\/ld+json\" class=\"yoast-schema-graph\">{\"@context\":\"https:\\\/\\\/schema.org\",\"@graph\":[{\"@type\":\"WebPage\",\"@id\":\"https:\\\/\\\/pbojakowski.pl\\\/polityka-prywatnosci\\\/\",\"url\":\"https:\\\/\\\/pbojakowski.pl\\\/polityka-prywatnosci\\\/\",\"name\":\"Polityka prywatno\u015bci - PB Piotr Bojakowski\",\"isPartOf\":{\"@id\":\"https:\\\/\\\/pbojakowski.pl\\\/#website\"},\"datePublished\":\"2025-01-21T22:26:52+00:00\",\"dateModified\":\"2025-01-23T17:57:02+00:00\",\"breadcrumb\":{\"@id\":\"https:\\\/\\\/pbojakowski.pl\\\/polityka-prywatnosci\\\/#breadcrumb\"},\"inLanguage\":\"en-US\",\"potentialAction\":[{\"@type\":\"ReadAction\",\"target\":[\"https:\\\/\\\/pbojakowski.pl\\\/polityka-prywatnosci\\\/\"]}]},{\"@type\":\"BreadcrumbList\",\"@id\":\"https:\\\/\\\/pbojakowski.pl\\\/polityka-prywatnosci\\\/#breadcrumb\",\"itemListElement\":[{\"@type\":\"ListItem\",\"position\":1,\"name\":\"Strona g\u0142\u00f3wna\",\"item\":\"https:\\\/\\\/pbojakowski.pl\\\/\"},{\"@type\":\"ListItem\",\"position\":2,\"name\":\"Polityka prywatno\u015bci\"}]},{\"@type\":\"WebSite\",\"@id\":\"https:\\\/\\\/pbojakowski.pl\\\/#website\",\"url\":\"https:\\\/\\\/pbojakowski.pl\\\/\",\"name\":\"PB Piotr Bojakowski\",\"description\":\"\",\"publisher\":{\"@id\":\"https:\\\/\\\/pbojakowski.pl\\\/#organization\"},\"potentialAction\":[{\"@type\":\"SearchAction\",\"target\":{\"@type\":\"EntryPoint\",\"urlTemplate\":\"https:\\\/\\\/pbojakowski.pl\\\/?s={search_term_string}\"},\"query-input\":{\"@type\":\"PropertyValueSpecification\",\"valueRequired\":true,\"valueName\":\"search_term_string\"}}],\"inLanguage\":\"en-US\"},{\"@type\":\"Organization\",\"@id\":\"https:\\\/\\\/pbojakowski.pl\\\/#organization\",\"name\":\"PB Piotr Bojakowski\",\"url\":\"https:\\\/\\\/pbojakowski.pl\\\/\",\"logo\":{\"@type\":\"ImageObject\",\"inLanguage\":\"en-US\",\"@id\":\"https:\\\/\\\/pbojakowski.pl\\\/#\\\/schema\\\/logo\\\/image\\\/\",\"url\":\"https:\\\/\\\/pbojakowski.pl\\\/wp-content\\\/uploads\\\/2025\\\/01\\\/Untitled-2-1.webp\",\"contentUrl\":\"https:\\\/\\\/pbojakowski.pl\\\/wp-content\\\/uploads\\\/2025\\\/01\\\/Untitled-2-1.webp\",\"width\":250,\"height\":189,\"caption\":\"PB Piotr Bojakowski\"},\"image\":{\"@id\":\"https:\\\/\\\/pbojakowski.pl\\\/#\\\/schema\\\/logo\\\/image\\\/\"}}]}<\/script>\n<!-- \/ Yoast SEO plugin. -->","yoast_head_json":{"title":"Polityka prywatno\u015bci - PB Piotr Bojakowski","robots":{"index":"index","follow":"follow","max-snippet":"max-snippet:-1","max-image-preview":"max-image-preview:large","max-video-preview":"max-video-preview:-1"},"canonical":"https:\/\/pbojakowski.pl\/en\/polityka-prywatnosci\/","og_locale":"en_US","og_type":"article","og_title":"Polityka prywatno\u015bci - PB Piotr Bojakowski","og_description":"Polityka Prywatno\u015bci 1. Informacje og\u00f3lne Niniejsza Polityka Prywatno\u015bci okre\u015bla zasady przetwarzania danych osobowych zbieranych za po\u015brednictwem strony internetowej prowadzonej przez firm\u0119 PB Piotr Bojakowski, z siedzib\u0105 pod adresem: Firma przestrzega zasad ochrony danych osobowych zgodnie z przepisami RODO (Rozporz\u0105dzenie Parlamentu Europejskiego i Rady (UE) 2016\/679) oraz innymi obowi\u0105zuj\u0105cymi przepisami prawa. 2. Administrator danych osobowych Administratorem [&hellip;]","og_url":"https:\/\/pbojakowski.pl\/en\/polityka-prywatnosci\/","og_site_name":"PB Piotr Bojakowski","article_modified_time":"2025-01-23T17:57:02+00:00","twitter_card":"summary_large_image","twitter_misc":{"Est. reading time":"2 minutes"},"schema":{"@context":"https:\/\/schema.org","@graph":[{"@type":"WebPage","@id":"https:\/\/pbojakowski.pl\/polityka-prywatnosci\/","url":"https:\/\/pbojakowski.pl\/polityka-prywatnosci\/","name":"Polityka prywatno\u015bci - PB Piotr Bojakowski","isPartOf":{"@id":"https:\/\/pbojakowski.pl\/#website"},"datePublished":"2025-01-21T22:26:52+00:00","dateModified":"2025-01-23T17:57:02+00:00","breadcrumb":{"@id":"https:\/\/pbojakowski.pl\/polityka-prywatnosci\/#breadcrumb"},"inLanguage":"en-US","potentialAction":[{"@type":"ReadAction","target":["https:\/\/pbojakowski.pl\/polityka-prywatnosci\/"]}]},{"@type":"BreadcrumbList","@id":"https:\/\/pbojakowski.pl\/polityka-prywatnosci\/#breadcrumb","itemListElement":[{"@type":"ListItem","position":1,"name":"Strona g\u0142\u00f3wna","item":"https:\/\/pbojakowski.pl\/"},{"@type":"ListItem","position":2,"name":"Polityka prywatno\u015bci"}]},{"@type":"WebSite","@id":"https:\/\/pbojakowski.pl\/#website","url":"https:\/\/pbojakowski.pl\/","name":"PB Piotr Bojakowski","description":"","publisher":{"@id":"https:\/\/pbojakowski.pl\/#organization"},"potentialAction":[{"@type":"SearchAction","target":{"@type":"EntryPoint","urlTemplate":"https:\/\/pbojakowski.pl\/?s={search_term_string}"},"query-input":{"@type":"PropertyValueSpecification","valueRequired":true,"valueName":"search_term_string"}}],"inLanguage":"en-US"},{"@type":"Organization","@id":"https:\/\/pbojakowski.pl\/#organization","name":"PB Piotr Bojakowski","url":"https:\/\/pbojakowski.pl\/","logo":{"@type":"ImageObject","inLanguage":"en-US","@id":"https:\/\/pbojakowski.pl\/#\/schema\/logo\/image\/","url":"https:\/\/pbojakowski.pl\/wp-content\/uploads\/2025\/01\/Untitled-2-1.webp","contentUrl":"https:\/\/pbojakowski.pl\/wp-content\/uploads\/2025\/01\/Untitled-2-1.webp","width":250,"height":189,"caption":"PB Piotr Bojakowski"},"image":{"@id":"https:\/\/pbojakowski.pl\/#\/schema\/logo\/image\/"}}]}},"_links":{"self":[{"href":"https:\/\/pbojakowski.pl\/en\/wp-json\/wp\/v2\/pages\/3","targetHints":{"allow":["GET"]}}],"collection":[{"href":"https:\/\/pbojakowski.pl\/en\/wp-json\/wp\/v2\/pages"}],"about":[{"href":"https:\/\/pbojakowski.pl\/en\/wp-json\/wp\/v2\/types\/page"}],"author":[{"embeddable":true,"href":"https:\/\/pbojakowski.pl\/en\/wp-json\/wp\/v2\/users\/1"}],"replies":[{"embeddable":true,"href":"https:\/\/pbojakowski.pl\/en\/wp-json\/wp\/v2\/comments?post=3"}],"version-history":[{"count":1,"href":"https:\/\/pbojakowski.pl\/en\/wp-json\/wp\/v2\/pages\/3\/revisions"}],"predecessor-version":[{"id":84,"href":"https:\/\/pbojakowski.pl\/en\/wp-json\/wp\/v2\/pages\/3\/revisions\/84"}],"wp:attachment":[{"href":"https:\/\/pbojakowski.pl\/en\/wp-json\/wp\/v2\/media?parent=3"}],"curies":[{"name":"wp","href":"https:\/\/api.w.org\/{rel}","templated":true}]}}